{"id":1495,"date":"2022-07-07T13:24:40","date_gmt":"2022-07-07T11:24:40","guid":{"rendered":"https:\/\/cwctest.de\/?page_id=1495"},"modified":"2022-07-07T13:25:12","modified_gmt":"2022-07-07T11:25:12","slug":"mittelstandstour","status":"publish","type":"page","link":"http:\/\/clockwise-consulting.de\/en\/mittelstandstour\/","title":{"rendered":"SME Tour"},"content":{"rendered":"<div data-elementor-type=\"wp-page\" data-elementor-id=\"1495\" class=\"elementor elementor-1495\" data-elementor-settings=\"{&quot;ha_cmc_init_switcher&quot;:&quot;no&quot;}\">\n\t\t\t\t\t\t<section class=\"elementor-section elementor-top-section elementor-element elementor-element-112108f0 elementor-section-boxed elementor-section-height-default elementor-section-height-default\" data-id=\"112108f0\" data-element_type=\"section\" data-settings=\"{&quot;_ha_eqh_enable&quot;:false}\">\n\t\t\t\t\t\t<div class=\"elementor-container elementor-column-gap-default\">\n\t\t\t\t\t<div class=\"elementor-column elementor-col-100 elementor-top-column elementor-element elementor-element-4c464e87\" data-id=\"4c464e87\" data-element_type=\"column\">\n\t\t\t<div class=\"elementor-widget-wrap elementor-element-populated\">\n\t\t\t\t\t\t<div class=\"elementor-element elementor-element-4ce07a1c elementor-widget elementor-widget-heading\" data-id=\"4ce07a1c\" data-element_type=\"widget\" data-widget_type=\"heading.default\">\n\t\t\t\t<div class=\"elementor-widget-container\">\n\t\t\t<h1 class=\"elementor-heading-title elementor-size-default\">SME Tour<\/h1>\t\t<\/div>\n\t\t\t\t<\/div>\n\t\t\t\t<div class=\"elementor-element elementor-element-5d18297c elementor-widget-divider--view-line elementor-widget elementor-widget-divider\" data-id=\"5d18297c\" data-element_type=\"widget\" data-widget_type=\"divider.default\">\n\t\t\t\t<div class=\"elementor-widget-container\">\n\t\t\t\t\t<div class=\"elementor-divider\">\n\t\t\t<span class=\"elementor-divider-separator\">\n\t\t\t\t\t\t<\/span>\n\t\t<\/div>\n\t\t\t\t<\/div>\n\t\t\t\t<\/div>\n\t\t\t\t<div class=\"elementor-element elementor-element-29721b1d anwp-pg-widget-header-style--a anwp-pg-post-teaser__post-icon--size-16 elementor-widget elementor-widget-anwp-pg-classic-grid\" data-id=\"29721b1d\" data-element_type=\"widget\" data-widget_type=\"anwp-pg-classic-grid.default\">\n\t\t\t\t<div class=\"elementor-widget-container\">\n\t\t\t<div class=\"anwp-pg-wrap\">\n\n\t\n\t<div class=\"d-flex anwp-row flex-wrap anwp-pg-classic-grid anwp-pg-posts-wrapper\">\n\t\t<div class=\"anwp-pg-post-teaser anwp-pg-post-teaser--inner-cover-link anwp-pg-post-teaser--layout-d d-flex flex-column anwp-col-lg-6 anwp-col-sm-6 anwp-col-12\">\n\t<div class=\"anwp-pg-post-teaser__thumbnail position-relative\">\n\n\t\t\t\t\t<div class=\"anwp-pg-post-teaser__top-meta d-flex flex-column anwp-pg-post-teaser__category-column mr-auto\">\n\t\t\t\t<div class=\"anwp-pg-category__wrapper-filled px-2 d-flex align-items-center anwp-pg-post-teaser__category-wrapper align-self-start anwp-pg-category-parent-0\" style=\"background-color: #1565C0\"><span>SME Tour<\/span><\/div>\t\t\t<\/div>\n\t\t\t\n\t\t\n\t\t\t\t\t<img loading=\"lazy\" class=\"anwp-pg-post-teaser__thumbnail-img d-block anwp-pg-height-300 anwp-object-cover m-0 w-100\"\n\t\t\t\talt=\"Die Mittelstandstour 2024 \u2013 30 Unternehmen im 30. Jubil\u00e4umsjahr\"\n\t\t\t\tsrc=\"https:\/\/clockwise-consulting.de\/wp-content\/uploads\/2024\/09\/Route4-768x768.png\"\/>\n\t\t\n\t\t<div class=\"anwp-pg-post-teaser__thumbnail-bg anwp-position-cover\"><\/div>\n\n\t\t<a class=\"anwp-position-cover anwp-link-without-effects\" href=\"http:\/\/clockwise-consulting.de\/en\/2024\/09\/16\/die-mittelstandstour-2024-30-unternehmen-im-30-jubilaumsjahr\/\" aria-hidden=\"true\" ><\/a>\n\t<\/div>\n\n\t<div class=\"anwp-pg-post-teaser__content flex-grow-1 pt-1 d-flex flex-column\">\n\n\t\t<div class=\"anwp-pg-post-teaser__title anwp-font-heading mt-2\">\n\t\t\t<a class=\"anwp-link-without-effects\" href=\"http:\/\/clockwise-consulting.de\/en\/2024\/09\/16\/die-mittelstandstour-2024-30-unternehmen-im-30-jubilaumsjahr\/\" aria-hidden=\"true\" >\n\t\t\t\tDie Mittelstandstour 2024 \u2013 30 Unternehmen im 30. Jubil\u00e4umsjahr\t\t\t<\/a>\n\t\t<\/div>\n\n\t\t<div class=\"anwp-pg-post-teaser__bottom-meta d-flex flex-wrap\">\n\n\t\t\t\t\t\t\t<div class=\"anwp-pg-post-teaser__bottom-meta-item d-flex align-items-center mr-3\">\n\t\t\t\t\t<svg class=\"anwp-pg-icon anwp-pg-icon--s16 mr-1\">\n\t\t\t\t\t\t<use xlink:href=\"#icon-anwp-pg-calendar\"><\/use>\n\t\t\t\t\t<\/svg>\n\t\t\t\t\t<span class=\"posted-on m-0\"><span class=\"screen-reader-text\">Posted on<\/span><time class=\"anwp-pg-published\" datetime=\"2024-09-16T13:57:32+02:00\">16. September 2024<\/time><time class=\"anwp-pg-updated\" datetime=\"2024-09-16T14:04:19+02:00\">16. September 2024<\/time><\/span>\n\t\t\t\t<\/div>\n\t\t\t\t\n\t\t\t\t\t<\/div>\n\n\t\t\t\t\t<div class=\"anwp-pg-post-teaser__excerpt mb-2\">\n\t\t\t\tSeit dem Jahr 2016 findet j\u00e4hrlich die Mittelstandstour der Oskar-Patzelt-Stiftung, die den Gro\u00dfen Preis des Mittelstandes verleiht, statt, um die Vielfalt und Innovationskraft des Mittelstandes zu w\u00fcrdigen.\u00a0 Auch in diesem ...\t\t\t<\/div>\n\t\t\n\t\t\n\t<\/div>\n\n<\/div>\n<div class=\"anwp-pg-post-teaser anwp-pg-post-teaser--inner-cover-link anwp-pg-post-teaser--layout-d d-flex flex-column anwp-col-lg-6 anwp-col-sm-6 anwp-col-12\">\n\t<div class=\"anwp-pg-post-teaser__thumbnail position-relative\">\n\n\t\t\t\t\t<div class=\"anwp-pg-post-teaser__top-meta d-flex flex-column anwp-pg-post-teaser__category-column mr-auto\">\n\t\t\t\t<div class=\"anwp-pg-category__wrapper-filled px-2 d-flex align-items-center anwp-pg-post-teaser__category-wrapper align-self-start anwp-pg-category-parent-0\" style=\"background-color: #1565C0\"><span>SME Tour<\/span><\/div>\t\t\t<\/div>\n\t\t\t\n\t\t\n\t\t\t\t\t<img loading=\"lazy\" class=\"anwp-pg-post-teaser__thumbnail-img d-block anwp-pg-height-300 anwp-object-cover m-0 w-100\"\n\t\t\t\talt=\"Der R\u00fcckblick der gro\u00dfen Mittelstandstour 2023 \u2013 jetzt im PT-Magazin\u00a0\"\n\t\t\t\tsrc=\"https:\/\/clockwise-consulting.de\/wp-content\/uploads\/2023\/06\/Mittelstandstour-2023-Gemeinsam-Zukunft-sichern-auf-neuen-Wegen2-768x768.png\"\/>\n\t\t\n\t\t<div class=\"anwp-pg-post-teaser__thumbnail-bg anwp-position-cover\"><\/div>\n\n\t\t<a class=\"anwp-position-cover anwp-link-without-effects\" href=\"http:\/\/clockwise-consulting.de\/en\/2023\/09\/18\/rueckblick-mittelstandstour-pt\/\" aria-hidden=\"true\" ><\/a>\n\t<\/div>\n\n\t<div class=\"anwp-pg-post-teaser__content flex-grow-1 pt-1 d-flex flex-column\">\n\n\t\t<div class=\"anwp-pg-post-teaser__title anwp-font-heading mt-2\">\n\t\t\t<a class=\"anwp-link-without-effects\" href=\"http:\/\/clockwise-consulting.de\/en\/2023\/09\/18\/rueckblick-mittelstandstour-pt\/\" aria-hidden=\"true\" >\n\t\t\t\tDer R\u00fcckblick der gro\u00dfen Mittelstandstour 2023 \u2013 jetzt im PT-Magazin\u00a0\t\t\t<\/a>\n\t\t<\/div>\n\n\t\t<div class=\"anwp-pg-post-teaser__bottom-meta d-flex flex-wrap\">\n\n\t\t\t\t\t\t\t<div class=\"anwp-pg-post-teaser__bottom-meta-item d-flex align-items-center mr-3\">\n\t\t\t\t\t<svg class=\"anwp-pg-icon anwp-pg-icon--s16 mr-1\">\n\t\t\t\t\t\t<use xlink:href=\"#icon-anwp-pg-calendar\"><\/use>\n\t\t\t\t\t<\/svg>\n\t\t\t\t\t<span class=\"posted-on m-0\"><span class=\"screen-reader-text\">Posted on<\/span><time class=\"anwp-pg-published\" datetime=\"2023-09-18T11:07:05+02:00\">18. September 2023<\/time><time class=\"anwp-pg-updated\" datetime=\"2023-09-18T11:12:13+02:00\">18. September 2023<\/time><\/span>\n\t\t\t\t<\/div>\n\t\t\t\t\n\t\t\t\t\t<\/div>\n\n\t\t\t\t\t<div class=\"anwp-pg-post-teaser__excerpt mb-2\">\n\t\t\t\tIm Mai sind unser Managing Partner Christian Wewezow und Yannik Rediske, Managing Partner der Startify GmbH, im Auftrag der Oskar-Patzelt-Stiftung aufgebrochen, um innerhalb von f\u00fcnf Tagen mehr als zehn innovative ...\t\t\t<\/div>\n\t\t\n\t\t\n\t<\/div>\n\n<\/div>\n<div class=\"anwp-pg-post-teaser anwp-pg-post-teaser--inner-cover-link anwp-pg-post-teaser--layout-d d-flex flex-column anwp-col-lg-6 anwp-col-sm-6 anwp-col-12\">\n\t<div class=\"anwp-pg-post-teaser__thumbnail position-relative\">\n\n\t\t\t\t\t<div class=\"anwp-pg-post-teaser__top-meta d-flex flex-column anwp-pg-post-teaser__category-column mr-auto\">\n\t\t\t\t<div class=\"anwp-pg-category__wrapper-filled px-2 d-flex align-items-center anwp-pg-post-teaser__category-wrapper align-self-start anwp-pg-category-parent-0\" style=\"background-color: #1565C0\"><span>SME Tour<\/span><\/div><div class=\"anwp-pg-category__wrapper-filled px-2 d-flex align-items-center anwp-pg-post-teaser__category-wrapper align-self-start anwp-pg-category-parent-0\" style=\"background-color: #1565C0\"><span>Mittelstandstour 2023<\/span><\/div>\t\t\t<\/div>\n\t\t\t\n\t\t\n\t\t\t\t\t<img loading=\"lazy\" class=\"anwp-pg-post-teaser__thumbnail-img d-block anwp-pg-height-300 anwp-object-cover m-0 w-100\"\n\t\t\t\talt=\"Die gro\u00dfe Mittelstandstour 2023 der Oskar-Patzelt-Stiftung\"\n\t\t\t\tsrc=\"https:\/\/clockwise-consulting.de\/wp-content\/uploads\/2023\/06\/Mittelstandstour-2023-Gemeinsam-Zukunft-sichern-auf-neuen-Wegen2-768x768.png\"\/>\n\t\t\n\t\t<div class=\"anwp-pg-post-teaser__thumbnail-bg anwp-position-cover\"><\/div>\n\n\t\t<a class=\"anwp-position-cover anwp-link-without-effects\" href=\"http:\/\/clockwise-consulting.de\/en\/2023\/06\/14\/die-grosse-mittelstandstour-2023-der-oskar-patzelt-stiftung\/\" aria-hidden=\"true\" ><\/a>\n\t<\/div>\n\n\t<div class=\"anwp-pg-post-teaser__content flex-grow-1 pt-1 d-flex flex-column\">\n\n\t\t<div class=\"anwp-pg-post-teaser__title anwp-font-heading mt-2\">\n\t\t\t<a class=\"anwp-link-without-effects\" href=\"http:\/\/clockwise-consulting.de\/en\/2023\/06\/14\/die-grosse-mittelstandstour-2023-der-oskar-patzelt-stiftung\/\" aria-hidden=\"true\" >\n\t\t\t\tThe big SME-Tour 2023 of the Oskar-Patzelt-Foundation\t\t\t<\/a>\n\t\t<\/div>\n\n\t\t<div class=\"anwp-pg-post-teaser__bottom-meta d-flex flex-wrap\">\n\n\t\t\t\t\t\t\t<div class=\"anwp-pg-post-teaser__bottom-meta-item d-flex align-items-center mr-3\">\n\t\t\t\t\t<svg class=\"anwp-pg-icon anwp-pg-icon--s16 mr-1\">\n\t\t\t\t\t\t<use xlink:href=\"#icon-anwp-pg-calendar\"><\/use>\n\t\t\t\t\t<\/svg>\n\t\t\t\t\t<span class=\"posted-on m-0\"><span class=\"screen-reader-text\">Posted on<\/span><time class=\"anwp-pg-published\" datetime=\"2023-06-14T11:01:35+02:00\">14. June 2023<\/time><time class=\"anwp-pg-updated\" datetime=\"2023-06-16T14:40:07+02:00\">16. June 2023<\/time><\/span>\n\t\t\t\t<\/div>\n\t\t\t\t\n\t\t\t\t\t<\/div>\n\n\t\t\t\t\t<div class=\"anwp-pg-post-teaser__excerpt mb-2\">\n\t\t\t\tUnter dem Motto &#8222;Gemeinsam Zukunft sichern &#8211; auf neuen Wegen&#8220; fand auch im Mai diesen Jahres wieder die gro\u00dfe Mittelstandstour der Oskar-Patzelt-Stiftung statt. Im Rahmen seines ehrenamtlichen Engagements beim Gro\u00dfen ...\t\t\t<\/div>\n\t\t\n\t\t\n\t<\/div>\n\n<\/div>\n<div class=\"anwp-pg-post-teaser anwp-pg-post-teaser--inner-cover-link anwp-pg-post-teaser--layout-d d-flex flex-column anwp-col-lg-6 anwp-col-sm-6 anwp-col-12\">\n\t<div class=\"anwp-pg-post-teaser__thumbnail position-relative\">\n\n\t\t\t\t\t<div class=\"anwp-pg-post-teaser__top-meta d-flex flex-column anwp-pg-post-teaser__category-column mr-auto\">\n\t\t\t\t<div class=\"anwp-pg-category__wrapper-filled px-2 d-flex align-items-center anwp-pg-post-teaser__category-wrapper align-self-start anwp-pg-category-parent-0\" style=\"background-color: #1565C0\"><span>SME Tour<\/span><\/div><div class=\"anwp-pg-category__wrapper-filled px-2 d-flex align-items-center anwp-pg-post-teaser__category-wrapper align-self-start anwp-pg-category-parent-0\" style=\"background-color: #1565C0\"><span>Press<\/span><\/div>\t\t\t<\/div>\n\t\t\t\n\t\t\n\t\t\t\t\t<img loading=\"lazy\" class=\"anwp-pg-post-teaser__thumbnail-img d-block anwp-pg-height-300 anwp-object-cover m-0 w-100\"\n\t\t\t\talt=\"Das Saarl\u00e4nder IT-Unternehmen 3plus Solutions erreicht die Jury-Stufe des Gro\u00dfen Preis des Mittelstandes\"\n\t\t\t\tsrc=\"https:\/\/clockwise-consulting.de\/wp-content\/uploads\/2022\/07\/3plus-Solutions-Jury-Stufe-768x425.jpeg\"\/>\n\t\t\n\t\t<div class=\"anwp-pg-post-teaser__thumbnail-bg anwp-position-cover\"><\/div>\n\n\t\t<a class=\"anwp-position-cover anwp-link-without-effects\" href=\"http:\/\/clockwise-consulting.de\/en\/2022\/07\/07\/3plus-solutions-erreicht-jury-stufe\/\" aria-hidden=\"true\" ><\/a>\n\t<\/div>\n\n\t<div class=\"anwp-pg-post-teaser__content flex-grow-1 pt-1 d-flex flex-column\">\n\n\t\t<div class=\"anwp-pg-post-teaser__title anwp-font-heading mt-2\">\n\t\t\t<a class=\"anwp-link-without-effects\" href=\"http:\/\/clockwise-consulting.de\/en\/2022\/07\/07\/3plus-solutions-erreicht-jury-stufe\/\" aria-hidden=\"true\" >\n\t\t\t\tDas Saarl\u00e4nder IT-Unternehmen 3plus Solutions erreicht die Jury-Stufe des Gro\u00dfen Preis des Mittelstandes\t\t\t<\/a>\n\t\t<\/div>\n\n\t\t<div class=\"anwp-pg-post-teaser__bottom-meta d-flex flex-wrap\">\n\n\t\t\t\t\t\t\t<div class=\"anwp-pg-post-teaser__bottom-meta-item d-flex align-items-center mr-3\">\n\t\t\t\t\t<svg class=\"anwp-pg-icon anwp-pg-icon--s16 mr-1\">\n\t\t\t\t\t\t<use xlink:href=\"#icon-anwp-pg-calendar\"><\/use>\n\t\t\t\t\t<\/svg>\n\t\t\t\t\t<span class=\"posted-on m-0\"><span class=\"screen-reader-text\">Posted on<\/span><time class=\"anwp-pg-published\" datetime=\"2022-07-07T13:18:34+02:00\">7. July 2022<\/time><time class=\"anwp-pg-updated\" datetime=\"2022-07-07T13:22:06+02:00\">7. July 2022<\/time><\/span>\n\t\t\t\t<\/div>\n\t\t\t\t\n\t\t\t\t\t<\/div>\n\n\t\t\t\t\t<div class=\"anwp-pg-post-teaser__excerpt mb-2\">\n\t\t\t\tAm vergangenen Montag besuchte Christian Wewezow in seiner ehrenamtlichen Funktion als Kuratoriumsvorsitzender der Oskar-Patzelt-Stiftung Christian Wewezow das Saarl\u00e4ndische Lebach, um dem IT-Unternehmen 3plus Solutions pers\u00f6nlich zum Erreichen der Jury-Stufe des ...\t\t\t<\/div>\n\t\t\n\t\t\n\t<\/div>\n\n<\/div>\n<div class=\"anwp-pg-post-teaser anwp-pg-post-teaser--inner-cover-link anwp-pg-post-teaser--layout-d d-flex flex-column anwp-col-lg-6 anwp-col-sm-6 anwp-col-12\">\n\t<div class=\"anwp-pg-post-teaser__thumbnail position-relative\">\n\n\t\t\t\t\t<div class=\"anwp-pg-post-teaser__top-meta d-flex flex-column anwp-pg-post-teaser__category-column mr-auto\">\n\t\t\t\t<div class=\"anwp-pg-category__wrapper-filled px-2 d-flex align-items-center anwp-pg-post-teaser__category-wrapper align-self-start anwp-pg-category-parent-0\" style=\"background-color: #1565C0\"><span>Current<\/span><\/div><div class=\"anwp-pg-category__wrapper-filled px-2 d-flex align-items-center anwp-pg-post-teaser__category-wrapper align-self-start anwp-pg-category-parent-0\" style=\"background-color: #1565C0\"><span>SME Tour<\/span><\/div>\t\t\t<\/div>\n\t\t\t\n\t\t\n\t\t\t\t\t<img loading=\"lazy\" class=\"anwp-pg-post-teaser__thumbnail-img d-block anwp-pg-height-300 anwp-object-cover m-0 w-100\"\n\t\t\t\talt=\"Die Michael Koch GmbH feiert ihr 25. Firmenjubil\u00e4um\"\n\t\t\t\tsrc=\"https:\/\/clockwise-consulting.de\/wp-content\/uploads\/2022\/07\/michaelkochgmbh_post-768x877.jpeg\"\/>\n\t\t\n\t\t<div class=\"anwp-pg-post-teaser__thumbnail-bg anwp-position-cover\"><\/div>\n\n\t\t<a class=\"anwp-position-cover anwp-link-without-effects\" href=\"http:\/\/clockwise-consulting.de\/en\/2022\/07\/03\/die-michael-koch-gmbh-feiert-ihr-25-firmenjubilaeum\/\" aria-hidden=\"true\" ><\/a>\n\t<\/div>\n\n\t<div class=\"anwp-pg-post-teaser__content flex-grow-1 pt-1 d-flex flex-column\">\n\n\t\t<div class=\"anwp-pg-post-teaser__title anwp-font-heading mt-2\">\n\t\t\t<a class=\"anwp-link-without-effects\" href=\"http:\/\/clockwise-consulting.de\/en\/2022\/07\/03\/die-michael-koch-gmbh-feiert-ihr-25-firmenjubilaeum\/\" aria-hidden=\"true\" >\n\t\t\t\tDie Michael Koch GmbH feiert ihr 25. Firmenjubil\u00e4um\t\t\t<\/a>\n\t\t<\/div>\n\n\t\t<div class=\"anwp-pg-post-teaser__bottom-meta d-flex flex-wrap\">\n\n\t\t\t\t\t\t\t<div class=\"anwp-pg-post-teaser__bottom-meta-item d-flex align-items-center mr-3\">\n\t\t\t\t\t<svg class=\"anwp-pg-icon anwp-pg-icon--s16 mr-1\">\n\t\t\t\t\t\t<use xlink:href=\"#icon-anwp-pg-calendar\"><\/use>\n\t\t\t\t\t<\/svg>\n\t\t\t\t\t<span class=\"posted-on m-0\"><span class=\"screen-reader-text\">Posted on<\/span><time class=\"anwp-pg-published\" datetime=\"2022-07-03T13:09:00+02:00\">3. July 2022<\/time><time class=\"anwp-pg-updated\" datetime=\"2022-08-01T08:18:21+02:00\">1. August 2022<\/time><\/span>\n\t\t\t\t<\/div>\n\t\t\t\t\n\t\t\t\t\t<\/div>\n\n\t\t\t\t\t<div class=\"anwp-pg-post-teaser__excerpt mb-2\">\n\t\t\t\tDie Michael Koch GmbH aus Ubstadt-Weiher feierte vor wenigen Tagen ihr 25. Firmenjubil\u00e4um.\u00a0In seiner Rolle als Kuratoriumsvorsitzender der Oskar-Patzelt-Stiftung reiste unser Managing Partner Christian Wewezow pers\u00f6nlich an, um der Gesch\u00e4ftsleitung ...\t\t\t<\/div>\n\t\t\n\t\t\n\t<\/div>\n\n<\/div>\n<div class=\"anwp-pg-post-teaser anwp-pg-post-teaser--inner-cover-link anwp-pg-post-teaser--layout-d d-flex flex-column anwp-col-lg-6 anwp-col-sm-6 anwp-col-12\">\n\t<div class=\"anwp-pg-post-teaser__thumbnail position-relative\">\n\n\t\t\t\t\t<div class=\"anwp-pg-post-teaser__top-meta d-flex flex-column anwp-pg-post-teaser__category-column mr-auto\">\n\t\t\t\t<div class=\"anwp-pg-category__wrapper-filled px-2 d-flex align-items-center anwp-pg-post-teaser__category-wrapper align-self-start anwp-pg-category-parent-0\" style=\"background-color: #1565C0\"><span>Current<\/span><\/div><div class=\"anwp-pg-category__wrapper-filled px-2 d-flex align-items-center anwp-pg-post-teaser__category-wrapper align-self-start anwp-pg-category-parent-0\" style=\"background-color: #1565C0\"><span>SME Tour<\/span><\/div>\t\t\t<\/div>\n\t\t\t\n\t\t\n\t\t\t\t\t<img loading=\"lazy\" class=\"anwp-pg-post-teaser__thumbnail-img d-block anwp-pg-height-300 anwp-object-cover m-0 w-100\"\n\t\t\t\talt=\"Die iba \u2013 Internationale Berufsakademie erh\u00e4lt Urkunde zum Erreichen der Jury-Stufe des Gro\u00dfen Preis des Mittelstandes\ufffc\ufffc\"\n\t\t\t\tsrc=\"https:\/\/clockwise-consulting.de\/wp-content\/uploads\/2022\/07\/iba-Post1-768x401.jpeg\"\/>\n\t\t\n\t\t<div class=\"anwp-pg-post-teaser__thumbnail-bg anwp-position-cover\"><\/div>\n\n\t\t<a class=\"anwp-position-cover anwp-link-without-effects\" href=\"http:\/\/clockwise-consulting.de\/en\/2022\/06\/30\/die-iba-internationale-berufsakademie-erhaelt-urkunde-zum-erreichen-der-jury-stufe-des-grossen-preis-des-mittelstandes%ef%bf%bc%ef%bf%bc\/\" aria-hidden=\"true\" ><\/a>\n\t<\/div>\n\n\t<div class=\"anwp-pg-post-teaser__content flex-grow-1 pt-1 d-flex flex-column\">\n\n\t\t<div class=\"anwp-pg-post-teaser__title anwp-font-heading mt-2\">\n\t\t\t<a class=\"anwp-link-without-effects\" href=\"http:\/\/clockwise-consulting.de\/en\/2022\/06\/30\/die-iba-internationale-berufsakademie-erhaelt-urkunde-zum-erreichen-der-jury-stufe-des-grossen-preis-des-mittelstandes%ef%bf%bc%ef%bf%bc\/\" aria-hidden=\"true\" >\n\t\t\t\tDie iba \u2013 Internationale Berufsakademie erh\u00e4lt Urkunde zum Erreichen der Jury-Stufe des Gro\u00dfen Preis des Mittelstandes\ufffc\ufffc\t\t\t<\/a>\n\t\t<\/div>\n\n\t\t<div class=\"anwp-pg-post-teaser__bottom-meta d-flex flex-wrap\">\n\n\t\t\t\t\t\t\t<div class=\"anwp-pg-post-teaser__bottom-meta-item d-flex align-items-center mr-3\">\n\t\t\t\t\t<svg class=\"anwp-pg-icon anwp-pg-icon--s16 mr-1\">\n\t\t\t\t\t\t<use xlink:href=\"#icon-anwp-pg-calendar\"><\/use>\n\t\t\t\t\t<\/svg>\n\t\t\t\t\t<span class=\"posted-on m-0\"><span class=\"screen-reader-text\">Posted on<\/span><time class=\"anwp-pg-published\" datetime=\"2022-06-30T13:14:00+02:00\">30. June 2022<\/time><time class=\"anwp-pg-updated\" datetime=\"2022-08-01T08:21:28+02:00\">1. August 2022<\/time><\/span>\n\t\t\t\t<\/div>\n\t\t\t\t\n\t\t\t\t\t<\/div>\n\n\t\t\t\t\t<div class=\"anwp-pg-post-teaser__excerpt mb-2\">\n\t\t\t\tIn der vergangenen Woche reiste unser Managing Partner Christian Wewezow in seiner Rolle als Kuratoriumsvorsitzender der Oskar-Patzelt-Stiftung, die den Gro\u00dfen Preis des Mittelstandes verleiht, nach Darmstadt, um der Gesch\u00e4ftsf\u00fchrerin der ...\t\t\t<\/div>\n\t\t\n\t\t\n\t<\/div>\n\n<\/div>\n<div class=\"anwp-pg-post-teaser anwp-pg-post-teaser--inner-cover-link anwp-pg-post-teaser--layout-d d-flex flex-column anwp-col-lg-6 anwp-col-sm-6 anwp-col-12\">\n\t<div class=\"anwp-pg-post-teaser__thumbnail position-relative\">\n\n\t\t\t\t\t<div class=\"anwp-pg-post-teaser__top-meta d-flex flex-column anwp-pg-post-teaser__category-column mr-auto\">\n\t\t\t\t<div class=\"anwp-pg-category__wrapper-filled px-2 d-flex align-items-center anwp-pg-post-teaser__category-wrapper align-self-start anwp-pg-category-parent-0\" style=\"background-color: #1565C0\"><span>SME Tour<\/span><\/div>\t\t\t<\/div>\n\t\t\t\n\t\t\n\t\t\t\t\t<img loading=\"lazy\" class=\"anwp-pg-post-teaser__thumbnail-img d-block anwp-pg-height-300 anwp-object-cover m-0 w-100\"\n\t\t\t\talt=\"Christian Wewezow gratuliert der UBP-group zur Nominierungsstufe des Gro\u00dfen Preis des Mittelstandes\"\n\t\t\t\tsrc=\"https:\/\/clockwise-consulting.de\/wp-content\/uploads\/2022\/02\/UBP_Post-768x906.jpg\"\/>\n\t\t\n\t\t<div class=\"anwp-pg-post-teaser__thumbnail-bg anwp-position-cover\"><\/div>\n\n\t\t<a class=\"anwp-position-cover anwp-link-without-effects\" href=\"http:\/\/clockwise-consulting.de\/en\/2022\/02\/18\/christian-wewezow-gartuliert-der-ubp-group\/\" aria-hidden=\"true\" ><\/a>\n\t<\/div>\n\n\t<div class=\"anwp-pg-post-teaser__content flex-grow-1 pt-1 d-flex flex-column\">\n\n\t\t<div class=\"anwp-pg-post-teaser__title anwp-font-heading mt-2\">\n\t\t\t<a class=\"anwp-link-without-effects\" href=\"http:\/\/clockwise-consulting.de\/en\/2022\/02\/18\/christian-wewezow-gartuliert-der-ubp-group\/\" aria-hidden=\"true\" >\n\t\t\t\tChristian Wewezow gratuliert der UBP-group zur Nominierungsstufe des Gro\u00dfen Preis des Mittelstandes\t\t\t<\/a>\n\t\t<\/div>\n\n\t\t<div class=\"anwp-pg-post-teaser__bottom-meta d-flex flex-wrap\">\n\n\t\t\t\t\t\t\t<div class=\"anwp-pg-post-teaser__bottom-meta-item d-flex align-items-center mr-3\">\n\t\t\t\t\t<svg class=\"anwp-pg-icon anwp-pg-icon--s16 mr-1\">\n\t\t\t\t\t\t<use xlink:href=\"#icon-anwp-pg-calendar\"><\/use>\n\t\t\t\t\t<\/svg>\n\t\t\t\t\t<span class=\"posted-on m-0\"><span class=\"screen-reader-text\">Posted on<\/span><time class=\"anwp-pg-published\" datetime=\"2022-02-18T10:04:45+01:00\">18. February 2022<\/time><time class=\"anwp-pg-updated\" datetime=\"2022-02-18T10:04:45+01:00\">18. February 2022<\/time><\/span>\n\t\t\t\t<\/div>\n\t\t\t\t\n\t\t\t\t\t<\/div>\n\n\t\t\t\t\t<div class=\"anwp-pg-post-teaser__excerpt mb-2\">\n\t\t\t\tEchter Umweltschutz beginnt im Herzen. Bereits seit 1994 ist die UBP-group ein Pionier im Bereich des Umweltschutzes in Deutschland. Im Rahmen seiner T\u00e4tigkeit als Kuratoriumsvorsitzender der Oskar-Patzelt-Stiftung, die den Gro\u00dfen ...\t\t\t<\/div>\n\t\t\n\t\t\n\t<\/div>\n\n<\/div>\n<div class=\"anwp-pg-post-teaser anwp-pg-post-teaser--inner-cover-link anwp-pg-post-teaser--layout-d d-flex flex-column anwp-col-lg-6 anwp-col-sm-6 anwp-col-12\">\n\t<div class=\"anwp-pg-post-teaser__thumbnail position-relative\">\n\n\t\t\t\t\t<div class=\"anwp-pg-post-teaser__top-meta d-flex flex-column anwp-pg-post-teaser__category-column mr-auto\">\n\t\t\t\t<div class=\"anwp-pg-category__wrapper-filled px-2 d-flex align-items-center anwp-pg-post-teaser__category-wrapper align-self-start anwp-pg-category-parent-0\" style=\"background-color: #1565C0\"><span>SME Tour<\/span><\/div>\t\t\t<\/div>\n\t\t\t\n\t\t\n\t\t\t\t\t<img loading=\"lazy\" class=\"anwp-pg-post-teaser__thumbnail-img d-block anwp-pg-height-300 anwp-object-cover m-0 w-100\"\n\t\t\t\talt=\"Wenn Unternehmer sich treffen: Christian Wewezow zu Besuch bei der 5 Sterne Redner Agentur\"\n\t\t\t\tsrc=\"https:\/\/clockwise-consulting.de\/wp-content\/uploads\/2019\/02\/2018-11_Mittelstandstour_Besuch-5-Sterne-Redner-Agentur.jpg\"\/>\n\t\t\n\t\t<div class=\"anwp-pg-post-teaser__thumbnail-bg anwp-position-cover\"><\/div>\n\n\t\t<a class=\"anwp-position-cover anwp-link-without-effects\" href=\"http:\/\/clockwise-consulting.de\/en\/2018\/11\/13\/wenn-unternehmer-sich-treffen-christian-wewezow-zu-besuch-bei-der-5-sterne-redner-agentur\/\" aria-hidden=\"true\" ><\/a>\n\t<\/div>\n\n\t<div class=\"anwp-pg-post-teaser__content flex-grow-1 pt-1 d-flex flex-column\">\n\n\t\t<div class=\"anwp-pg-post-teaser__title anwp-font-heading mt-2\">\n\t\t\t<a class=\"anwp-link-without-effects\" href=\"http:\/\/clockwise-consulting.de\/en\/2018\/11\/13\/wenn-unternehmer-sich-treffen-christian-wewezow-zu-besuch-bei-der-5-sterne-redner-agentur\/\" aria-hidden=\"true\" >\n\t\t\t\tWenn Unternehmer sich treffen: Christian Wewezow zu Besuch bei der 5 Sterne Redner Agentur\t\t\t<\/a>\n\t\t<\/div>\n\n\t\t<div class=\"anwp-pg-post-teaser__bottom-meta d-flex flex-wrap\">\n\n\t\t\t\t\t\t\t<div class=\"anwp-pg-post-teaser__bottom-meta-item d-flex align-items-center mr-3\">\n\t\t\t\t\t<svg class=\"anwp-pg-icon anwp-pg-icon--s16 mr-1\">\n\t\t\t\t\t\t<use xlink:href=\"#icon-anwp-pg-calendar\"><\/use>\n\t\t\t\t\t<\/svg>\n\t\t\t\t\t<span class=\"posted-on m-0\"><span class=\"screen-reader-text\">Posted on<\/span><time class=\"anwp-pg-published\" datetime=\"2018-11-13T12:04:21+01:00\">13. November 2018<\/time><time class=\"anwp-pg-updated\" datetime=\"2018-11-13T12:04:21+01:00\">13. November 2018<\/time><\/span>\n\t\t\t\t<\/div>\n\t\t\t\t\n\t\t\t\t\t<\/div>\n\n\t\t\t\t\t<div class=\"anwp-pg-post-teaser__excerpt mb-2\">\n\t\t\t\tIm Herbst vergangenen Jahres besuchte Christian Wewezow, Kuratoriumsvorsitzender der Oskar-Patzelt-Stiftung, die 5 Sterne Redner Agentur. \u201eWir freuen uns sehr \u00fcber den Besuch von Christian Wewezow und die wertvollen Impulse von ...\t\t\t<\/div>\n\t\t\n\t\t\n\t<\/div>\n\n<\/div>\n<div class=\"anwp-pg-post-teaser anwp-pg-post-teaser--inner-cover-link anwp-pg-post-teaser--layout-d d-flex flex-column anwp-col-lg-6 anwp-col-sm-6 anwp-col-12\">\n\t<div class=\"anwp-pg-post-teaser__thumbnail position-relative\">\n\n\t\t\t\t\t<div class=\"anwp-pg-post-teaser__top-meta d-flex flex-column anwp-pg-post-teaser__category-column mr-auto\">\n\t\t\t\t<div class=\"anwp-pg-category__wrapper-filled px-2 d-flex align-items-center anwp-pg-post-teaser__category-wrapper align-self-start anwp-pg-category-parent-0\" style=\"background-color: #1565C0\"><span>SME Tour<\/span><\/div>\t\t\t<\/div>\n\t\t\t\n\t\t\n\t\t\t\t\t<img loading=\"lazy\" class=\"anwp-pg-post-teaser__thumbnail-img d-block anwp-pg-height-300 anwp-object-cover m-0 w-100\"\n\t\t\t\talt=\"Wenn Unternehmer sich treffen: Christian Wewezow zu Besuch bei der UGT \u2013 Umwelt-Ger\u00e4te-Technik GmbH\"\n\t\t\t\tsrc=\"https:\/\/clockwise-consulting.de\/wp-content\/uploads\/2018\/05\/UGT-Umwelt-Technik-GmbH_Mittelstandstour-Christian-Wewezow-768x573.jpg\"\/>\n\t\t\n\t\t<div class=\"anwp-pg-post-teaser__thumbnail-bg anwp-position-cover\"><\/div>\n\n\t\t<a class=\"anwp-position-cover anwp-link-without-effects\" href=\"http:\/\/clockwise-consulting.de\/en\/2018\/05\/11\/wenn-unternehmer-sich-treffen-christian-wewezow-zu-besuch-bei-der-ugt-umwelt-geraete-technik-gmbh\/\" aria-hidden=\"true\" ><\/a>\n\t<\/div>\n\n\t<div class=\"anwp-pg-post-teaser__content flex-grow-1 pt-1 d-flex flex-column\">\n\n\t\t<div class=\"anwp-pg-post-teaser__title anwp-font-heading mt-2\">\n\t\t\t<a class=\"anwp-link-without-effects\" href=\"http:\/\/clockwise-consulting.de\/en\/2018\/05\/11\/wenn-unternehmer-sich-treffen-christian-wewezow-zu-besuch-bei-der-ugt-umwelt-geraete-technik-gmbh\/\" aria-hidden=\"true\" >\n\t\t\t\tWenn Unternehmer sich treffen: Christian Wewezow zu Besuch bei der UGT \u2013 Umwelt-Ger\u00e4te-Technik GmbH\t\t\t<\/a>\n\t\t<\/div>\n\n\t\t<div class=\"anwp-pg-post-teaser__bottom-meta d-flex flex-wrap\">\n\n\t\t\t\t\t\t\t<div class=\"anwp-pg-post-teaser__bottom-meta-item d-flex align-items-center mr-3\">\n\t\t\t\t\t<svg class=\"anwp-pg-icon anwp-pg-icon--s16 mr-1\">\n\t\t\t\t\t\t<use xlink:href=\"#icon-anwp-pg-calendar\"><\/use>\n\t\t\t\t\t<\/svg>\n\t\t\t\t\t<span class=\"posted-on m-0\"><span class=\"screen-reader-text\">Posted on<\/span><time class=\"anwp-pg-published\" datetime=\"2018-05-11T13:09:51+02:00\">11. May 2018<\/time><time class=\"anwp-pg-updated\" datetime=\"2018-05-11T13:09:51+02:00\">11. May 2018<\/time><\/span>\n\t\t\t\t<\/div>\n\t\t\t\t\n\t\t\t\t\t<\/div>\n\n\t\t\t\t\t<div class=\"anwp-pg-post-teaser__excerpt mb-2\">\n\t\t\t\t&nbsp; \u201eWe are very proud of the fact that, on Friday, 27.04.18, UGT in the Berlin-Brandenburg region has been chosen by the jury as one of a total of 41 ...\t\t\t<\/div>\n\t\t\n\t\t\n\t<\/div>\n\n<\/div>\n<div class=\"anwp-pg-post-teaser anwp-pg-post-teaser--inner-cover-link anwp-pg-post-teaser--layout-d d-flex flex-column anwp-col-lg-6 anwp-col-sm-6 anwp-col-12\">\n\t<div class=\"anwp-pg-post-teaser__thumbnail position-relative\">\n\n\t\t\t\t\t<div class=\"anwp-pg-post-teaser__top-meta d-flex flex-column anwp-pg-post-teaser__category-column mr-auto\">\n\t\t\t\t<div class=\"anwp-pg-category__wrapper-filled px-2 d-flex align-items-center anwp-pg-post-teaser__category-wrapper align-self-start anwp-pg-category-parent-0\" style=\"background-color: #1565C0\"><span>SME Tour<\/span><\/div>\t\t\t<\/div>\n\t\t\t\n\t\t\n\t\t\t\t\t<img loading=\"lazy\" class=\"anwp-pg-post-teaser__thumbnail-img d-block anwp-pg-height-300 anwp-object-cover m-0 w-100\"\n\t\t\t\talt=\"Wenn Unternehmer sich treffen: Christian Wewezow zu Besuch bei der Hanse Haus GmbH &#038; Co. KG, Preistr\u00e4ger des \u201eGro\u00dfen Preis des Mittelstandes\u201c\"\n\t\t\t\tsrc=\"https:\/\/clockwise-consulting.de\/wp-content\/uploads\/2020\/12\/HanseHaus2017-768x512.jpg\"\/>\n\t\t\n\t\t<div class=\"anwp-pg-post-teaser__thumbnail-bg anwp-position-cover\"><\/div>\n\n\t\t<a class=\"anwp-position-cover anwp-link-without-effects\" href=\"http:\/\/clockwise-consulting.de\/en\/2017\/11\/13\/wenn-unternehmer-sich-treffen-christian-wewezow-zu-besuch-bei-der-hanse-haus-gmbh-co-kg-preistraeger-des-grossen-preis-des-mittelstandes\/\" aria-hidden=\"true\" ><\/a>\n\t<\/div>\n\n\t<div class=\"anwp-pg-post-teaser__content flex-grow-1 pt-1 d-flex flex-column\">\n\n\t\t<div class=\"anwp-pg-post-teaser__title anwp-font-heading mt-2\">\n\t\t\t<a class=\"anwp-link-without-effects\" href=\"http:\/\/clockwise-consulting.de\/en\/2017\/11\/13\/wenn-unternehmer-sich-treffen-christian-wewezow-zu-besuch-bei-der-hanse-haus-gmbh-co-kg-preistraeger-des-grossen-preis-des-mittelstandes\/\" aria-hidden=\"true\" >\n\t\t\t\tWenn Unternehmer sich treffen: Christian Wewezow zu Besuch bei der Hanse Haus GmbH &#038; Co. KG, Preistr\u00e4ger des \u201eGro\u00dfen Preis des Mittelstandes\u201c\t\t\t<\/a>\n\t\t<\/div>\n\n\t\t<div class=\"anwp-pg-post-teaser__bottom-meta d-flex flex-wrap\">\n\n\t\t\t\t\t\t\t<div class=\"anwp-pg-post-teaser__bottom-meta-item d-flex align-items-center mr-3\">\n\t\t\t\t\t<svg class=\"anwp-pg-icon anwp-pg-icon--s16 mr-1\">\n\t\t\t\t\t\t<use xlink:href=\"#icon-anwp-pg-calendar\"><\/use>\n\t\t\t\t\t<\/svg>\n\t\t\t\t\t<span class=\"posted-on m-0\"><span class=\"screen-reader-text\">Posted on<\/span><time class=\"anwp-pg-published\" datetime=\"2017-11-13T15:47:56+01:00\">13. November 2017<\/time><time class=\"anwp-pg-updated\" datetime=\"2017-11-13T15:47:56+01:00\">13. November 2017<\/time><\/span>\n\t\t\t\t<\/div>\n\t\t\t\t\n\t\t\t\t\t<\/div>\n\n\t\t\t\t\t<div class=\"anwp-pg-post-teaser__excerpt mb-2\">\n\t\t\t\tIm Rahmen seiner Mittelstandstour besuchte gesch\u00e4ftsf\u00fchrender Gesellschafter und Kuratoriumsvorsitzender der Oskar-Patzelt-Stiftung Christian Wewezow die Hanse Haus GmbH &amp; Co. KG in Oberleichtersbach.\t\t\t<\/div>\n\t\t\n\t\t\n\t<\/div>\n\n<\/div>\n\t<\/div>\n\t\n\t<nav aria-label=\"anwp-pg-pagination-navigation\" class=\"anwp-pg-pagination-navigation position-relative\">\n\t<ul class=\"anwp-pg-pagination mx-0 justify-content-center flex-wrap\"\n\t\tdata-anwp-show_previous=\"yes\"\n\t\tdata-anwp-show_next=\"yes\"\n\t\tdata-anwp-show_first_ellipsis=\"yes\"\n\t\tdata-anwp-show_last_ellipsis=\"yes\"\n\t\tdata-anwp-auto_hide_previous=\"no\"\n\t\tdata-anwp-auto_hide_next=\"no\"\n\t\tdata-anwp-show_page_numbers=\"yes\"\n\t\tdata-anwp-page_range=\"2\"\n\t\tdata-anwp-text_previous=\"\"\n\t\tdata-anwp-text_next=\"\"\n\t\tdata-anwp-total=\"2\"\n\t\tdata-anwp-limit=\"10\"\n\t\tdata-anwp-pagination=\"{&quot;posts_to_show&quot;:&quot;latest&quot;,&quot;include_ids&quot;:&quot;&quot;,&quot;exclude_ids&quot;:&quot;&quot;,&quot;exclude_by_category&quot;:&quot;&quot;,&quot;filter_by_category&quot;:&quot;12&quot;,&quot;filter_by_tag&quot;:&quot;&quot;,&quot;filter_by_post_format&quot;:&quot;all&quot;,&quot;filter_by_author&quot;:&quot;&quot;,&quot;published_in_last_days&quot;:0,&quot;limit&quot;:10,&quot;offset&quot;:0,&quot;grid_cols&quot;:2,&quot;grid_cols_tablet&quot;:2,&quot;grid_cols_mobile&quot;:1,&quot;grid_thumbnail_size&quot;:&quot;medium_large&quot;,&quot;show_category&quot;:&quot;yes&quot;,&quot;category_limit&quot;:3,&quot;show_date&quot;:&quot;yes&quot;,&quot;show_author&quot;:&quot;&quot;,&quot;show_comments&quot;:&quot;&quot;,&quot;card_height&quot;:{&quot;unit&quot;:&quot;px&quot;,&quot;size&quot;:300,&quot;sizes&quot;:[]},&quot;show_excerpt&quot;:&quot;yes&quot;,&quot;excerpt_num_words&quot;:30,&quot;excerpt_source&quot;:&quot;&quot;,&quot;excerpt_html&quot;:&quot;no&quot;,&quot;layout&quot;:&quot;d&quot;,&quot;show_read_more&quot;:&quot;&quot;,&quot;read_more_label&quot;:&quot;&quot;,&quot;read_more_class&quot;:&quot;&quot;,&quot;post_image_width&quot;:&quot;1_3&quot;,&quot;show_post_icon&quot;:&quot;yes&quot;,&quot;query_source&quot;:&quot;posts&quot;,&quot;related_posts&quot;:&quot;&quot;,&quot;related_posts_order&quot;:&quot;&quot;,&quot;card_height_mobile&quot;:&quot;&quot;,&quot;card_height_tablet&quot;:&quot;&quot;,&quot;filter_by_c_tax&quot;:&quot;&quot;,&quot;labels_by_c_tax&quot;:&quot;&quot;}\"><\/ul>\n<\/nav>\n<\/div>\n\t\t<\/div>\n\t\t\t\t<\/div>\n\t\t\t\t\t<\/div>\n\t\t<\/div>\n\t\t\t\t\t<\/div>\n\t\t<\/section>\n\t\t\t\t<\/div>","protected":false},"excerpt":{"rendered":"<p>Mittelstandstour MittelstandstourPressestimme Das Saarl\u00e4nder IT-Unternehmen 3plus Solutions erreicht die Jury-Stufe des Gro\u00dfen Preis des Mittelstandes Posted on7. Juli 2022 Am vergangenen Montag besuchte Christian Wewezow in seiner ehrenamtlichen Funktion als Kuratoriumsvorsitzender der Oskar-Patzelt-Stiftung Christian Wewezow das Saarl\u00e4ndische Lebach, um dem IT-Unternehmen 3plus Solutions pers\u00f6nlich zum Erreichen der Jury-Stufe des &#8230; Mittelstandstour Christian Wewezow gratuliert der [&hellip;]<\/p>","protected":false},"author":2,"featured_media":0,"parent":0,"menu_order":0,"comment_status":"closed","ping_status":"closed","template":"","meta":{"site-sidebar-layout":"no-sidebar","site-content-layout":"page-builder","ast-site-content-layout":"","site-content-style":"default","site-sidebar-style":"default","ast-global-header-display":"","ast-banner-title-visibility":"","ast-main-header-display":"","ast-hfb-above-header-display":"","ast-hfb-below-header-display":"","ast-hfb-mobile-header-display":"","site-post-title":"disabled","ast-breadcrumbs-content":"","ast-featured-img":"disabled","footer-sml-layout":"","theme-transparent-header-meta":"","adv-header-id-meta":"","stick-header-meta":"","header-above-stick-meta":"","header-main-stick-meta":"","header-below-stick-meta":"","astra-migrate-meta-layouts":"default","ast-page-background-enabled":"default","ast-page-background-meta":{"desktop":{"background-color":"var(--ast-global-color-4)","background-image":"","background-repeat":"repeat","background-position":"center center","background-size":"auto","background-attachment":"scroll","background-type":"","background-media":"","overlay-type":"","overlay-color":"","overlay-opacity":"","overlay-gradient":""},"tablet":{"background-color":"","background-image":"","background-repeat":"repeat","background-position":"center center","background-size":"auto","background-attachment":"scroll","background-type":"","background-media":"","overlay-type":"","overlay-color":"","overlay-opacity":"","overlay-gradient":""},"mobile":{"background-color":"","background-image":"","background-repeat":"repeat","background-position":"center center","background-size":"auto","background-attachment":"scroll","background-type":"","background-media":"","overlay-type":"","overlay-color":"","overlay-opacity":"","overlay-gradient":""}},"ast-content-background-meta":{"desktop":{"background-color":"var(--ast-global-color-5)","background-image":"","background-repeat":"repeat","background-position":"center center","background-size":"auto","background-attachment":"scroll","background-type":"","background-media":"","overlay-type":"","overlay-color":"","overlay-opacity":"","overlay-gradient":""},"tablet":{"background-color":"var(--ast-global-color-5)","background-image":"","background-repeat":"repeat","background-position":"center center","background-size":"auto","background-attachment":"scroll","background-type":"","background-media":"","overlay-type":"","overlay-color":"","overlay-opacity":"","overlay-gradient":""},"mobile":{"background-color":"var(--ast-global-color-5)","background-image":"","background-repeat":"repeat","background-position":"center center","background-size":"auto","background-attachment":"scroll","background-type":"","background-media":"","overlay-type":"","overlay-color":"","overlay-opacity":"","overlay-gradient":""}},"iawp_total_views":120,"footnotes":""},"class_list":["post-1495","page","type-page","status-publish","hentry"],"yoast_head":"<!-- This site is optimized with the Yoast SEO plugin v26.3 - https:\/\/yoast.com\/wordpress\/plugins\/seo\/ -->\n<title>Mittelstandstour - Clockwise Consulting<\/title>\n<meta name=\"robots\" content=\"index, follow, max-snippet:-1, max-image-preview:large, max-video-preview:-1\" \/>\n<link rel=\"canonical\" href=\"https:\/\/clockwise-consulting.de\/en\/mittelstandstour\/\" \/>\n<meta property=\"og:locale\" content=\"en_GB\" \/>\n<meta property=\"og:type\" content=\"article\" \/>\n<meta property=\"og:title\" content=\"Mittelstandstour - Clockwise Consulting\" \/>\n<meta property=\"og:description\" content=\"Mittelstandstour MittelstandstourPressestimme Das Saarl\u00e4nder IT-Unternehmen 3plus Solutions erreicht die Jury-Stufe des Gro\u00dfen Preis des Mittelstandes Posted on7. Juli 2022 Am vergangenen Montag besuchte Christian Wewezow in seiner ehrenamtlichen Funktion als Kuratoriumsvorsitzender der Oskar-Patzelt-Stiftung Christian Wewezow das Saarl\u00e4ndische Lebach, um dem IT-Unternehmen 3plus Solutions pers\u00f6nlich zum Erreichen der Jury-Stufe des &#8230; Mittelstandstour Christian Wewezow gratuliert der [&hellip;]\" \/>\n<meta property=\"og:url\" content=\"https:\/\/clockwise-consulting.de\/en\/mittelstandstour\/\" \/>\n<meta property=\"og:site_name\" content=\"Clockwise Consulting\" \/>\n<meta property=\"article:modified_time\" content=\"2022-07-07T11:25:12+00:00\" \/>\n<meta name=\"twitter:card\" content=\"summary_large_image\" \/>\n<meta name=\"twitter:label1\" content=\"Estimated reading time\" \/>\n\t<meta name=\"twitter:data1\" content=\"5 minutes\" \/>\n<script type=\"application\/ld+json\" class=\"yoast-schema-graph\">{\"@context\":\"https:\/\/schema.org\",\"@graph\":[{\"@type\":\"WebPage\",\"@id\":\"https:\/\/clockwise-consulting.de\/mittelstandstour\/\",\"url\":\"https:\/\/clockwise-consulting.de\/mittelstandstour\/\",\"name\":\"Mittelstandstour - Clockwise Consulting\",\"isPartOf\":{\"@id\":\"https:\/\/clockwise-consulting.de\/#website\"},\"datePublished\":\"2022-07-07T11:24:40+00:00\",\"dateModified\":\"2022-07-07T11:25:12+00:00\",\"breadcrumb\":{\"@id\":\"https:\/\/clockwise-consulting.de\/mittelstandstour\/#breadcrumb\"},\"inLanguage\":\"en-GB\",\"potentialAction\":[{\"@type\":\"ReadAction\",\"target\":[\"https:\/\/clockwise-consulting.de\/mittelstandstour\/\"]}]},{\"@type\":\"BreadcrumbList\",\"@id\":\"https:\/\/clockwise-consulting.de\/mittelstandstour\/#breadcrumb\",\"itemListElement\":[{\"@type\":\"ListItem\",\"position\":1,\"name\":\"Startseite\",\"item\":\"https:\/\/clockwise-consulting.de\/\"},{\"@type\":\"ListItem\",\"position\":2,\"name\":\"Mittelstandstour\"}]},{\"@type\":\"WebSite\",\"@id\":\"https:\/\/clockwise-consulting.de\/#website\",\"url\":\"https:\/\/clockwise-consulting.de\/\",\"name\":\"Clockwise Consulting\",\"description\":\"Strategie- und Organisationsentwicklung f\u00fcr den Mittelstand\",\"publisher\":{\"@id\":\"https:\/\/clockwise-consulting.de\/#organization\"},\"potentialAction\":[{\"@type\":\"SearchAction\",\"target\":{\"@type\":\"EntryPoint\",\"urlTemplate\":\"https:\/\/clockwise-consulting.de\/?s={search_term_string}\"},\"query-input\":{\"@type\":\"PropertyValueSpecification\",\"valueRequired\":true,\"valueName\":\"search_term_string\"}}],\"inLanguage\":\"en-GB\"},{\"@type\":\"Organization\",\"@id\":\"https:\/\/clockwise-consulting.de\/#organization\",\"name\":\"Clockwise Consulting\",\"url\":\"https:\/\/clockwise-consulting.de\/\",\"logo\":{\"@type\":\"ImageObject\",\"inLanguage\":\"en-GB\",\"@id\":\"https:\/\/clockwise-consulting.de\/#\/schema\/logo\/image\/\",\"url\":\"https:\/\/cwctest.de\/wp-content\/uploads\/2022\/04\/cwclogo.jpeg\",\"contentUrl\":\"https:\/\/cwctest.de\/wp-content\/uploads\/2022\/04\/cwclogo.jpeg\",\"width\":150,\"height\":75,\"caption\":\"Clockwise Consulting\"},\"image\":{\"@id\":\"https:\/\/clockwise-consulting.de\/#\/schema\/logo\/image\/\"}}]}<\/script>\n<!-- \/ Yoast SEO plugin. -->","yoast_head_json":{"title":"Mittelstandstour - Clockwise Consulting","robots":{"index":"index","follow":"follow","max-snippet":"max-snippet:-1","max-image-preview":"max-image-preview:large","max-video-preview":"max-video-preview:-1"},"canonical":"https:\/\/clockwise-consulting.de\/en\/mittelstandstour\/","og_locale":"en_GB","og_type":"article","og_title":"Mittelstandstour - Clockwise Consulting","og_description":"Mittelstandstour MittelstandstourPressestimme Das Saarl\u00e4nder IT-Unternehmen 3plus Solutions erreicht die Jury-Stufe des Gro\u00dfen Preis des Mittelstandes Posted on7. Juli 2022 Am vergangenen Montag besuchte Christian Wewezow in seiner ehrenamtlichen Funktion als Kuratoriumsvorsitzender der Oskar-Patzelt-Stiftung Christian Wewezow das Saarl\u00e4ndische Lebach, um dem IT-Unternehmen 3plus Solutions pers\u00f6nlich zum Erreichen der Jury-Stufe des &#8230; Mittelstandstour Christian Wewezow gratuliert der [&hellip;]","og_url":"https:\/\/clockwise-consulting.de\/en\/mittelstandstour\/","og_site_name":"Clockwise Consulting","article_modified_time":"2022-07-07T11:25:12+00:00","twitter_card":"summary_large_image","twitter_misc":{"Estimated reading time":"5 minutes"},"schema":{"@context":"https:\/\/schema.org","@graph":[{"@type":"WebPage","@id":"https:\/\/clockwise-consulting.de\/mittelstandstour\/","url":"https:\/\/clockwise-consulting.de\/mittelstandstour\/","name":"Mittelstandstour - Clockwise Consulting","isPartOf":{"@id":"https:\/\/clockwise-consulting.de\/#website"},"datePublished":"2022-07-07T11:24:40+00:00","dateModified":"2022-07-07T11:25:12+00:00","breadcrumb":{"@id":"https:\/\/clockwise-consulting.de\/mittelstandstour\/#breadcrumb"},"inLanguage":"en-GB","potentialAction":[{"@type":"ReadAction","target":["https:\/\/clockwise-consulting.de\/mittelstandstour\/"]}]},{"@type":"BreadcrumbList","@id":"https:\/\/clockwise-consulting.de\/mittelstandstour\/#breadcrumb","itemListElement":[{"@type":"ListItem","position":1,"name":"Startseite","item":"https:\/\/clockwise-consulting.de\/"},{"@type":"ListItem","position":2,"name":"Mittelstandstour"}]},{"@type":"WebSite","@id":"https:\/\/clockwise-consulting.de\/#website","url":"https:\/\/clockwise-consulting.de\/","name":"Clockwise Consulting","description":"Strategie- und Organisationsentwicklung f\u00fcr den Mittelstand","publisher":{"@id":"https:\/\/clockwise-consulting.de\/#organization"},"potentialAction":[{"@type":"SearchAction","target":{"@type":"EntryPoint","urlTemplate":"https:\/\/clockwise-consulting.de\/?s={search_term_string}"},"query-input":{"@type":"PropertyValueSpecification","valueRequired":true,"valueName":"search_term_string"}}],"inLanguage":"en-GB"},{"@type":"Organization","@id":"https:\/\/clockwise-consulting.de\/#organization","name":"Clockwise Consulting","url":"https:\/\/clockwise-consulting.de\/","logo":{"@type":"ImageObject","inLanguage":"en-GB","@id":"https:\/\/clockwise-consulting.de\/#\/schema\/logo\/image\/","url":"https:\/\/cwctest.de\/wp-content\/uploads\/2022\/04\/cwclogo.jpeg","contentUrl":"https:\/\/cwctest.de\/wp-content\/uploads\/2022\/04\/cwclogo.jpeg","width":150,"height":75,"caption":"Clockwise Consulting"},"image":{"@id":"https:\/\/clockwise-consulting.de\/#\/schema\/logo\/image\/"}}]}},"_links":{"self":[{"href":"http:\/\/clockwise-consulting.de\/en\/wp-json\/wp\/v2\/pages\/1495","targetHints":{"allow":["GET"]}}],"collection":[{"href":"http:\/\/clockwise-consulting.de\/en\/wp-json\/wp\/v2\/pages"}],"about":[{"href":"http:\/\/clockwise-consulting.de\/en\/wp-json\/wp\/v2\/types\/page"}],"author":[{"embeddable":true,"href":"http:\/\/clockwise-consulting.de\/en\/wp-json\/wp\/v2\/users\/2"}],"replies":[{"embeddable":true,"href":"http:\/\/clockwise-consulting.de\/en\/wp-json\/wp\/v2\/comments?post=1495"}],"version-history":[{"count":0,"href":"http:\/\/clockwise-consulting.de\/en\/wp-json\/wp\/v2\/pages\/1495\/revisions"}],"wp:attachment":[{"href":"http:\/\/clockwise-consulting.de\/en\/wp-json\/wp\/v2\/media?parent=1495"}],"curies":[{"name":"wp","href":"https:\/\/api.w.org\/{rel}","templated":true}]}}